{"id":45,"date":"2025-04-16T08:06:57","date_gmt":"2025-04-16T06:06:57","guid":{"rendered":"https:\/\/foto.geof.unizg.hr\/mygreenyard\/?page_id=45"},"modified":"2025-05-23T08:03:43","modified_gmt":"2025-05-23T06:03:43","slug":"istrazivaci","status":"publish","type":"page","link":"https:\/\/mygreenyard.geof.hr\/index.php\/istrazivaci\/","title":{"rendered":"Istra\u017eiva\u010di"},"content":{"rendered":"\n<div class=\"wp-block-group is-layout-constrained wp-container-core-group-is-layout-704e782a wp-block-group-is-layout-constrained\">\n<div class=\"wp-block-columns is-layout-flex wp-container-core-columns-is-layout-28f84493 wp-block-columns-is-layout-flex\">\n<div class=\"wp-block-column is-layout-flow wp-block-column-is-layout-flow\" style=\"flex-basis:250px\">\n<figure class=\"wp-block-image size-full is-resized is-style-rounded\"><img decoding=\"async\" width=\"200\" height=\"200\" src=\"https:\/\/foto.geof.unizg.hr\/mygreenyard\/wp-content\/uploads\/2025\/04\/MG.jpeg\" alt=\"\" class=\"wp-image-142\" style=\"width:250px\" srcset=\"https:\/\/mygreenyard.geof.hr\/wp-content\/uploads\/2025\/04\/MG.jpeg 200w, https:\/\/mygreenyard.geof.hr\/wp-content\/uploads\/2025\/04\/MG-150x150.jpeg 150w\" sizes=\"(max-width: 200px) 100vw, 200px\" \/><\/figure>\n<\/div>\n\n\n\n<div class=\"wp-block-column is-layout-flow wp-block-column-is-layout-flow\" style=\"flex-basis:700px\">\n<div class=\"wp-block-uagb-advanced-heading uagb-block-bb608892\"><h2 class=\"uagb-heading-text\">izv. prof. dr. sc.&nbsp;Mateo&nbsp;Ga\u0161parovi\u0107<\/h2><\/div>\n\n\n\n<p>Voditelj projekta i vode\u0107i stru\u010dnjak za razvoj digitalnih servisa<\/p>\n\n\n\n<p>Sveu\u010dili\u0161te u Zagrebu Geodetski fakultet<\/p>\n\n\n\n<figure class=\"wp-block-image size-large is-resized\"><img fetchpriority=\"high\" decoding=\"async\" width=\"1024\" height=\"502\" src=\"https:\/\/foto.geof.unizg.hr\/mygreenyard\/wp-content\/uploads\/2025\/04\/geof_unizg_grb-1024x502.png\" alt=\"\" class=\"wp-image-73\" style=\"width:300px\" srcset=\"https:\/\/mygreenyard.geof.hr\/wp-content\/uploads\/2025\/04\/geof_unizg_grb-1024x502.png 1024w, https:\/\/mygreenyard.geof.hr\/wp-content\/uploads\/2025\/04\/geof_unizg_grb-300x147.png 300w, https:\/\/mygreenyard.geof.hr\/wp-content\/uploads\/2025\/04\/geof_unizg_grb-768x377.png 768w, https:\/\/mygreenyard.geof.hr\/wp-content\/uploads\/2025\/04\/geof_unizg_grb.png 1313w\" sizes=\"(max-width: 1024px) 100vw, 1024px\" \/><\/figure>\n\n\n\n<p><a href=\"mailto:mgasparovic@geof.unizg.hr\">mateo.gasparovic@geof.unizg.hr<\/a><\/p>\n\n\n\n<p>Mateo Ga\u0161parovi\u0107, je izvanredni profesor na Katedri za fotogrametriju i daljinsku detekciju na Geodetskom fakultetu. Trenutno je prodekan za nastavu i studente na Geodetskom fakultetu. Ro\u0111en je u Rijeci, Republika Hrvatska. Diplomirao je na Geodetskom fakultetu Sveu\u010dili\u0161ta u Zagrebu 2009. godine. Akademski naziv doktora tehni\u010dkih znanosti stekao je 2015. na Geodetskom fakultetu Sveu\u010dili\u0161ta u Zagrebu s doktorskom disertacijom Radiometrijsko izjedna\u010denje tekstura fotorealisti\u010dnih 3D modela. Podru\u010dje njegove stru\u010dnosti je razvoj algoritama daljinskih istra\u017eivanja, primjena daljinskih istra\u017eivanja u \u0161umarstvu, GIS i analiza prostornih podataka itd. Sudjelovao je u vi\u0161e od 15 znanstvenih projekata Geodetskog fakulteta i voditelj je znanstvenog projekta \u201eNapredne metode fotogrametrije i daljinskih istra\u017eivanja za pra\u0107enje promjena u okoli\u0161u (RS4ENVIRO)&#8221; financirano od strane Sveu\u010dili\u0161ta u Zagrebu, \u201eAutomatsko pra\u0107enje \u0161uma uskolisnog jasena (Fraxinus angustifolia Vahl) metodama daljinskog istra\u017eivanja i podataka Copernicus (RS4EST)\u201c, financirano od strane ESA-e. Kao autor i koautor, objavio je vi\u0161e od 45 znanstvenih radova objavljenih u znanstvenim \u010dasopisima indeksiranim u Web of Science Core Collection (WoSCC), od \u010dega 20 u \u010dasopisima Q1. Recenzent je preko 220 radova u 25 znanstvenih \u010dasopisa, od \u010dega preko 100 u \u010dasopisima Q1.<\/p>\n<\/div>\n<\/div>\n<\/div>\n\n\n\n<div class=\"wp-block-group is-layout-constrained wp-container-core-group-is-layout-704e782a wp-block-group-is-layout-constrained\">\n<div class=\"wp-block-columns is-layout-flex wp-container-core-columns-is-layout-28f84493 wp-block-columns-is-layout-flex\">\n<div class=\"wp-block-column is-layout-flow wp-block-column-is-layout-flow\" style=\"flex-basis:250px\">\n<figure class=\"wp-block-image size-full is-resized is-style-rounded\"><img decoding=\"async\" width=\"200\" height=\"200\" src=\"https:\/\/foto.geof.unizg.hr\/mygreenyard\/wp-content\/uploads\/2025\/04\/mozda-srna.jpg\" alt=\"\" class=\"wp-image-143\" style=\"width:250px\" srcset=\"https:\/\/mygreenyard.geof.hr\/wp-content\/uploads\/2025\/04\/mozda-srna.jpg 200w, https:\/\/mygreenyard.geof.hr\/wp-content\/uploads\/2025\/04\/mozda-srna-150x150.jpg 150w\" sizes=\"(max-width: 200px) 100vw, 200px\" \/><\/figure>\n<\/div>\n\n\n\n<div class=\"wp-block-column is-layout-flow wp-block-column-is-layout-flow\" style=\"flex-basis:700px\">\n<div class=\"wp-block-uagb-advanced-heading uagb-block-9827fcec\"><h2 class=\"uagb-heading-text\">Srna Krtak, mag. ing. prosp. arch.<\/h2><\/div>\n\n\n\n<p>Vode\u0107a stru\u010dnjakinja za krajobraznu arhitekturu i analizu zahjeva<\/p>\n\n\n\n<p>Green Stories j.d.o.o.<\/p>\n\n\n\n<figure class=\"wp-block-image size-full is-resized\"><img loading=\"lazy\" decoding=\"async\" width=\"20473\" height=\"7087\" src=\"https:\/\/foto.geof.unizg.hr\/mygreenyard\/wp-content\/uploads\/2025\/04\/LOGO_GS_bez-okvira1.jpg\" alt=\"\" class=\"wp-image-258\" style=\"width:320px\"\/><\/figure>\n\n\n\n<p><a href=\"mailto:zelene.price@gmail.com\">zelene.price@gmail.com<\/a><\/p>\n\n\n\n<p>Srna Krtak magistra je krajobrazne arhitekture s vi\u0161e od 10 godina iskustva u krajobraznom planiranju i ure\u0111enju krajobraza. Diplomirala je na Sveu\u010dili\u0161tu u Zagrebu, na Agronomskom fakultetu (diplomski studij Krajobrazna arhitektura) 2014. godine i odmah se zaposlila u tvrtki Urbing d.o.o. Kao stru\u010dna suradnica u krajobraznoj arhitekturi stekla je dragocjeno iskustvo rade\u0107i na prostornim planovima kao \u0161to su Prostorni plan ure\u0111enja Grada Velike Gorice, Prostorni plan ure\u0111enja Grada Malog Lo\u0161inja, Prostorni plan podru\u010dja posebnih obilje\u017eja te brojni urbanisti\u010dki planovi ure\u0111enja. Tijekom tog desetlje\u0107a kao honorarna predava\u010dica na Sveu\u010dili\u0161tu Washington tako\u0111er je sudjelovala u nekoliko Design&amp;amp projekata s profesorom Danielom Winterbottomom i 2016. dobila po\u010dasnu nagradu ASLA studentsku suradnju: Premo\u0161\u0107ivanje disciplina\/Njegovanje zdravlja: Kori\u0161tenje kolaborativnog modela dizajna\/izgradnje me\u0111unarodne zajednice za olak\u0161avanje lije\u010denja mentalnog zdravlja<\/p>\n<\/div>\n<\/div>\n<\/div>\n\n\n\n<div class=\"wp-block-group is-layout-constrained wp-container-core-group-is-layout-704e782a wp-block-group-is-layout-constrained\">\n<div class=\"wp-block-columns is-layout-flex wp-container-core-columns-is-layout-28f84493 wp-block-columns-is-layout-flex\">\n<div class=\"wp-block-column is-layout-flow wp-block-column-is-layout-flow\" style=\"flex-basis:250px\">\n<figure class=\"wp-block-image size-full is-resized is-style-rounded\"><img loading=\"lazy\" decoding=\"async\" width=\"500\" height=\"500\" src=\"https:\/\/foto.geof.unizg.hr\/mygreenyard\/wp-content\/uploads\/2025\/04\/tanja-rodin.jpg\" alt=\"\" class=\"wp-image-288\" style=\"width:250px\" srcset=\"https:\/\/mygreenyard.geof.hr\/wp-content\/uploads\/2025\/04\/tanja-rodin.jpg 500w, https:\/\/mygreenyard.geof.hr\/wp-content\/uploads\/2025\/04\/tanja-rodin-300x300.jpg 300w, https:\/\/mygreenyard.geof.hr\/wp-content\/uploads\/2025\/04\/tanja-rodin-150x150.jpg 150w\" sizes=\"(max-width: 500px) 100vw, 500px\" \/><\/figure>\n<\/div>\n\n\n\n<div class=\"wp-block-column is-layout-flow wp-block-column-is-layout-flow\" style=\"flex-basis:700px\">\n<div class=\"wp-block-uagb-advanced-heading uagb-block-73cd6d19\"><h2 class=\"uagb-heading-text\">mr. sc. Tanja Rodin<\/h2><\/div>\n\n\n\n<p>Vode\u0107a stru\u010dnjakinja za verifikaciju i validaciju sustava<\/p>\n\n\n\n<p>Dr\u017eavna geodetska uprava<\/p>\n\n\n\n<figure class=\"wp-block-image size-full is-resized\"><img loading=\"lazy\" decoding=\"async\" width=\"800\" height=\"213\" src=\"https:\/\/foto.geof.unizg.hr\/mygreenyard\/wp-content\/uploads\/2025\/04\/DGU-logo-2021-1.png\" alt=\"\" class=\"wp-image-156\" style=\"width:400px\" srcset=\"https:\/\/mygreenyard.geof.hr\/wp-content\/uploads\/2025\/04\/DGU-logo-2021-1.png 800w, https:\/\/mygreenyard.geof.hr\/wp-content\/uploads\/2025\/04\/DGU-logo-2021-1-300x80.png 300w, https:\/\/mygreenyard.geof.hr\/wp-content\/uploads\/2025\/04\/DGU-logo-2021-1-768x204.png 768w\" sizes=\"(max-width: 800px) 100vw, 800px\" \/><\/figure>\n\n\n\n<p><a href=\"tanja.rodin@dgu.hr\" data-type=\"link\" data-id=\"tanja.rodin@dgu.hr\">tanja.rodin@dgu.hr<\/a><\/p>\n\n\n\n<p>Mr. sc. Tanja Rodin ro\u0111ena je u Splitu, Republika Hrvatska. Diplomirala je na Geodetskom fakultetu Sveu\u010dili\u0161ta u Zagrebu 2008. godine. Magistrirala je Geoinformacijske znanosti i promatranje Zemlje sa specijalizacijom iz Modeliranja i upravljanja okoli\u0161em na Sveu\u010dili\u0161tu Twente, Nizozemska, 2011. godine. Od tada radi u Dr\u017eavnoj geodetskoj upravi na GIS-u i NIPP-u (Nacionalna infrastruktura prostornih podataka). Odgovorna je za provedbu Zakona o NIPP-u i Direktive INSPIRE (EC Direktiva 2007\/2) te pru\u017eanje kontinuirane podr\u0161ke subjektima NIPP-a u ispunjavanju obveza iz Zakona. Njezine tehni\u010dke kompetencije uklju\u010duju GIS i analizu geoprostornih podataka, transformaciju, vizualizaciju i interpretaciju. Ima iskustvo u odr\u017eavanju i razvoju nacionalnog geoportala prostornih podataka i kataloga metapodataka. U razdoblju od 2019. do 2021. godine sudjelovala je kao ekspert u dva projekta financirana od strane Europske unije, \u201eJa\u010danje kapaciteta za uspostavu NIPP-a\u201c i \u201ePove\u0107anje dostupnosti prostornih podataka NIPP-a putem e-usluga\u201c. Tako\u0111er je sudjelovala u Twinning projektu \u201cPobolj\u0161anje usluga prostornih podataka u Republici Moldaviji u skladu sa standardima EU\u201d koji je trajao od 2020. do 2023. godine.<\/p>\n<\/div>\n<\/div>\n<\/div>\n","protected":false},"excerpt":{"rendered":"<p>izv. prof. dr. sc.&nbsp;Mateo&nbsp;Ga\u0161parovi\u0107 Voditelj projekta i vode\u0107i stru\u010dnjak za razvoj digitalnih servisa Sveu\u010dili\u0161te u Zagrebu Geodetski fakultet mateo.gasparovic@geof.unizg.hr Mateo Ga\u0161parovi\u0107, je izvanredni profesor na Katedri za fotogrametriju i daljinsku detekciju na Geodetskom fakultetu. Trenutno je prodekan za nastavu i studente na Geodetskom fakultetu. Ro\u0111en je u Rijeci, Republika Hrvatska. Diplomirao je na Geodetskom fakultetu [&hellip;]<\/p>\n","protected":false},"author":2,"featured_media":0,"parent":0,"menu_order":0,"comment_status":"closed","ping_status":"closed","template":"","meta":{"_uag_custom_page_level_css":"","site-sidebar-layout":"default","site-content-layout":"","ast-site-content-layout":"","site-content-style":"default","site-sidebar-style":"default","ast-global-header-display":"","ast-banner-title-visibility":"","ast-main-header-display":"","ast-hfb-above-header-display":"","ast-hfb-below-header-display":"","ast-hfb-mobile-header-display":"","site-post-title":"","ast-breadcrumbs-content":"","ast-featured-img":"","footer-sml-layout":"","theme-transparent-header-meta":"","adv-header-id-meta":"","stick-header-meta":"","header-above-stick-meta":"","header-main-stick-meta":"","header-below-stick-meta":"","astra-migrate-meta-layouts":"default","ast-page-background-enabled":"default","ast-page-background-meta":{"desktop":{"background-color":"var(--ast-global-color-5)","background-image":"","background-repeat":"repeat","background-position":"center center","background-size":"auto","background-attachment":"scroll","background-type":"","background-media":"","overlay-type":"","overlay-color":"","overlay-opacity":"","overlay-gradient":""},"tablet":{"background-color":"","background-image":"","background-repeat":"repeat","background-position":"center center","background-size":"auto","background-attachment":"scroll","background-type":"","background-media":"","overlay-type":"","overlay-color":"","overlay-opacity":"","overlay-gradient":""},"mobile":{"background-color":"","background-image":"","background-repeat":"repeat","background-position":"center center","background-size":"auto","background-attachment":"scroll","background-type":"","background-media":"","overlay-type":"","overlay-color":"","overlay-opacity":"","overlay-gradient":""}},"ast-content-background-meta":{"desktop":{"background-color":"var(--ast-global-color-4)","background-image":"","background-repeat":"repeat","background-position":"center center","background-size":"auto","background-attachment":"scroll","background-type":"","background-media":"","overlay-type":"","overlay-color":"","overlay-opacity":"","overlay-gradient":""},"tablet":{"background-color":"var(--ast-global-color-4)","background-image":"","background-repeat":"repeat","background-position":"center center","background-size":"auto","background-attachment":"scroll","background-type":"","background-media":"","overlay-type":"","overlay-color":"","overlay-opacity":"","overlay-gradient":""},"mobile":{"background-color":"var(--ast-global-color-4)","background-image":"","background-repeat":"repeat","background-position":"center center","background-size":"auto","background-attachment":"scroll","background-type":"","background-media":"","overlay-type":"","overlay-color":"","overlay-opacity":"","overlay-gradient":""}},"footnotes":""},"class_list":["post-45","page","type-page","status-publish","hentry"],"uagb_featured_image_src":{"full":false,"thumbnail":false,"medium":false,"medium_large":false,"large":false,"1536x1536":false,"2048x2048":false},"uagb_author_info":{"display_name":"Ivana Jarak","author_link":"https:\/\/mygreenyard.geof.hr\/index.php\/author\/ijarak\/"},"uagb_comment_info":0,"uagb_excerpt":"izv. prof. dr. sc.&nbsp;Mateo&nbsp;Ga\u0161parovi\u0107 Voditelj projekta i vode\u0107i stru\u010dnjak za razvoj digitalnih servisa Sveu\u010dili\u0161te u Zagrebu Geodetski fakultet mateo.gasparovic@geof.unizg.hr Mateo Ga\u0161parovi\u0107, je izvanredni profesor na Katedri za fotogrametriju i daljinsku detekciju na Geodetskom fakultetu. Trenutno je prodekan za nastavu i studente na Geodetskom fakultetu. Ro\u0111en je u Rijeci, Republika Hrvatska. Diplomirao je na Geodetskom fakultetu&hellip;","_links":{"self":[{"href":"https:\/\/mygreenyard.geof.hr\/index.php\/wp-json\/wp\/v2\/pages\/45","targetHints":{"allow":["GET"]}}],"collection":[{"href":"https:\/\/mygreenyard.geof.hr\/index.php\/wp-json\/wp\/v2\/pages"}],"about":[{"href":"https:\/\/mygreenyard.geof.hr\/index.php\/wp-json\/wp\/v2\/types\/page"}],"author":[{"embeddable":true,"href":"https:\/\/mygreenyard.geof.hr\/index.php\/wp-json\/wp\/v2\/users\/2"}],"replies":[{"embeddable":true,"href":"https:\/\/mygreenyard.geof.hr\/index.php\/wp-json\/wp\/v2\/comments?post=45"}],"version-history":[{"count":13,"href":"https:\/\/mygreenyard.geof.hr\/index.php\/wp-json\/wp\/v2\/pages\/45\/revisions"}],"predecessor-version":[{"id":345,"href":"https:\/\/mygreenyard.geof.hr\/index.php\/wp-json\/wp\/v2\/pages\/45\/revisions\/345"}],"wp:attachment":[{"href":"https:\/\/mygreenyard.geof.hr\/index.php\/wp-json\/wp\/v2\/media?parent=45"}],"curies":[{"name":"wp","href":"https:\/\/api.w.org\/{rel}","templated":true}]}}